{"id":71,"date":"2021-12-14T05:48:55","date_gmt":"2021-12-14T05:48:55","guid":{"rendered":"http:\/\/erkder.org\/?page_id=71"},"modified":"2021-12-18T11:57:46","modified_gmt":"2021-12-18T11:57:46","slug":"erdemli","status":"publish","type":"page","link":"https:\/\/erkder.org\/?page_id=71","title":{"rendered":"Erdemli"},"content":{"rendered":"<p>\u0130L\u00c7EN\u0130N TAR\u0130H\u0130<br \/>\nT\u00fcrkiye Cumhuriyetinin ilan\u0131ndan sonra, Silifke \u0130l\u00e7esine ba\u011fl\u0131 k\u00fc\u00e7\u00fck bir yerle\u015fim iken, 1 Haziran 1954 tarihinde il\u00e7e olmu\u015ftur. Turizmi, tarihi zenginlikleri ve do\u011fal g\u00fczellikleri a\u00e7\u0131s\u0131ndan \u00f6nemli bir geli\u015fme potansiyeline sahiptir.<\/p>\n<p>Erdemli, Mersin\u2019in 37 km bat\u0131s\u0131nda ve Akdeniz k\u0131y\u0131s\u0131nda kurulu bir il\u00e7edir. \u0130l\u00e7e s\u0131n\u0131rlar\u0131 i\u00e7erisinde tarihi ve turistik yerlerin yo\u011fun olmas\u0131 ve narenciye \u00fcretiminin b\u00fcy\u00fck bir b\u00f6l\u00fcm\u00fcn\u00fcn bu il\u00e7ede yeti\u015ftirilmesi il\u00e7enin il i\u00e7erisindeki \u00f6nemli konumunu g\u00f6z \u00f6n\u00fcne sermektedir.<\/p>\n<p>Erdemli ad\u0131n\u0131n nereden geldi\u011fi kesin olarak bilinmemekle birlikte,  15. y\u00fczy\u0131lda \u0130\u00e7 Anadolu\u2019dan geldi\u011fi san\u0131lan \u201cErdemo\u011fullar\u0131\u201d ad\u0131ndaki bir T\u00fcrkmen a\u015firetinin (Erdem Bey ad\u0131ndaki a\u015firet beyi) ad\u0131ndan geldi\u011fi belirtilmektedir.<\/p>\n<p>Erdemli; Hititler, Selefkoslar, Romal\u0131lar, Bizansl\u0131lar, M\u0131s\u0131rl\u0131lar, Karamano\u011fullar\u0131 ve Osmanl\u0131lar devrini ya\u015fam\u0131\u015ft\u0131r.<\/p>\n<p>1953 Y\u0131l\u0131na kadar k\u00f6y olan Erdemli, Silifke \u0130l\u00e7esine ba\u011fl\u0131 k\u00fc\u00e7\u00fck bir yerle\u015fim yeri iken, 01 Haziran 1954 tarihinde Silifke\u2019nin Ya\u011fda Buca\u011f\u0131 ile Mersin\u2019e ba\u011fl\u0131 Elvanl\u0131 Buca\u011f\u0131n\u0131n birle\u015ftirilmesiyle il\u00e7e olarak kurulmu\u015ftur. <\/p>\n<p>CO\u011eRAF\u0130 DURUMU<\/p>\n<p>Erdemli do\u011fal g\u00fczellikleri zengin Akdeniz k\u0131y\u0131s\u0131nda \u015firin bir il\u00e7edir. Do\u011fusu Mezitli , bat\u0131s\u0131 Silifke, kuzeyi Karaman ve Konya, g\u00fcneyi Akdeniz ile \u00e7evrilidir. Y\u00fcz\u00f6l\u00e7\u00fcm\u00fc 2.078 km\u00b2\u2019dir. Bu alan\u0131n % 62\u2019si orman, % 17\u2019si tar\u0131m alan\u0131, % 21\u2019i mera, ta\u015fl\u0131k ve kayal\u0131kt\u0131r.<br \/>\nNOT: Bu bilgi www.erdemli.bel.tr adresinden al\u0131nm\u0131\u015ft\u0131r.<\/p>\n<div id='gallery-1' class='gallery galleryid-71 gallery-columns-4 gallery-size-colormag-featured-image'><figure class='gallery-item'>\n\t\t\t<div class='gallery-icon landscape'>\n\t\t\t\t<a href='https:\/\/erkder.org\/wp-content\/uploads\/2021\/12\/DJI_0044.jpg'><img width=\"800\" height=\"445\" src=\"https:\/\/erkder.org\/wp-content\/uploads\/2021\/12\/DJI_0044-800x445.jpg\" class=\"attachment-colormag-featured-image size-colormag-featured-image\" alt=\"\" loading=\"lazy\" \/><\/a>\n\t\t\t<\/div><\/figure><figure class='gallery-item'>\n\t\t\t<div class='gallery-icon landscape'>\n\t\t\t\t<a href='https:\/\/erkder.org\/wp-content\/uploads\/2021\/12\/DJI_0061.jpg'><img width=\"800\" height=\"445\" src=\"https:\/\/erkder.org\/wp-content\/uploads\/2021\/12\/DJI_0061-800x445.jpg\" class=\"attachment-colormag-featured-image size-colormag-featured-image\" alt=\"\" loading=\"lazy\" \/><\/a>\n\t\t\t<\/div><\/figure><figure class='gallery-item'>\n\t\t\t<div class='gallery-icon landscape'>\n\t\t\t\t<a href='https:\/\/erkder.org\/wp-content\/uploads\/2021\/12\/erdemli.jpg'><img width=\"785\" height=\"422\" src=\"https:\/\/erkder.org\/wp-content\/uploads\/2021\/12\/erdemli.jpg\" class=\"attachment-colormag-featured-image size-colormag-featured-image\" alt=\"\" loading=\"lazy\" srcset=\"https:\/\/erkder.org\/wp-content\/uploads\/2021\/12\/erdemli.jpg 785w, https:\/\/erkder.org\/wp-content\/uploads\/2021\/12\/erdemli-300x161.jpg 300w, https:\/\/erkder.org\/wp-content\/uploads\/2021\/12\/erdemli-768x413.jpg 768w\" sizes=\"(max-width: 785px) 100vw, 785px\" \/><\/a>\n\t\t\t<\/div><\/figure><figure class='gallery-item'>\n\t\t\t<div class='gallery-icon landscape'>\n\t\t\t\t<a href='https:\/\/erkder.org\/wp-content\/uploads\/2021\/12\/DJI_0056.jpg'><img width=\"800\" height=\"445\" src=\"https:\/\/erkder.org\/wp-content\/uploads\/2021\/12\/DJI_0056-800x445.jpg\" class=\"attachment-colormag-featured-image size-colormag-featured-image\" alt=\"\" loading=\"lazy\" \/><\/a>\n\t\t\t<\/div><\/figure><figure class='gallery-item'>\n\t\t\t<div class='gallery-icon landscape'>\n\t\t\t\t<a href='https:\/\/erkder.org\/wp-content\/uploads\/2021\/12\/DJI_0033.jpg'><img width=\"800\" height=\"445\" src=\"https:\/\/erkder.org\/wp-content\/uploads\/2021\/12\/DJI_0033-800x445.jpg\" class=\"attachment-colormag-featured-image size-colormag-featured-image\" alt=\"\" loading=\"lazy\" \/><\/a>\n\t\t\t<\/div><\/figure><figure class='gallery-item'>\n\t\t\t<div class='gallery-icon landscape'>\n\t\t\t\t<a href='https:\/\/erkder.org\/wp-content\/uploads\/2021\/12\/DJI_0027.jpg'><img width=\"800\" height=\"445\" src=\"https:\/\/erkder.org\/wp-content\/uploads\/2021\/12\/DJI_0027-800x445.jpg\" class=\"attachment-colormag-featured-image size-colormag-featured-image\" alt=\"\" loading=\"lazy\" \/><\/a>\n\t\t\t<\/div><\/figure><figure class='gallery-item'>\n\t\t\t<div class='gallery-icon landscape'>\n\t\t\t\t<a href='https:\/\/erkder.org\/wp-content\/uploads\/2021\/12\/DJI_0011.jpg'><img width=\"800\" height=\"445\" src=\"https:\/\/erkder.org\/wp-content\/uploads\/2021\/12\/DJI_0011-800x445.jpg\" class=\"attachment-colormag-featured-image size-colormag-featured-image\" alt=\"\" loading=\"lazy\" \/><\/a>\n\t\t\t<\/div><\/figure><figure class='gallery-item'>\n\t\t\t<div class='gallery-icon landscape'>\n\t\t\t\t<a href='https:\/\/erkder.org\/wp-content\/uploads\/2021\/12\/DJI_0009.jpg'><img width=\"800\" height=\"445\" src=\"https:\/\/erkder.org\/wp-content\/uploads\/2021\/12\/DJI_0009-800x445.jpg\" class=\"attachment-colormag-featured-image size-colormag-featured-image\" alt=\"\" loading=\"lazy\" \/><\/a>\n\t\t\t<\/div><\/figure><figure class='gallery-item'>\n\t\t\t<div class='gallery-icon landscape'>\n\t\t\t\t<a href='https:\/\/erkder.org\/wp-content\/uploads\/2021\/12\/DJI_0008.jpg'><img width=\"800\" height=\"445\" src=\"https:\/\/erkder.org\/wp-content\/uploads\/2021\/12\/DJI_0008-800x445.jpg\" class=\"attachment-colormag-featured-image size-colormag-featured-image\" alt=\"\" loading=\"lazy\" \/><\/a>\n\t\t\t<\/div><\/figure>\n\t\t<\/div>\n\n","protected":false},"excerpt":{"rendered":"<p>\u0130L\u00c7EN\u0130N TAR\u0130H\u0130 T\u00fcrkiye Cumhuriyetinin ilan\u0131ndan sonra, Silifke \u0130l\u00e7esine ba\u011fl\u0131 k\u00fc\u00e7\u00fck bir yerle\u015fim iken, 1 Haziran 1954 tarihinde il\u00e7e olmu\u015ftur. Turizmi,<\/p>\n","protected":false},"author":1,"featured_media":0,"parent":0,"menu_order":0,"comment_status":"closed","ping_status":"closed","template":"","meta":[],"_links":{"self":[{"href":"https:\/\/erkder.org\/index.php?rest_route=\/wp\/v2\/pages\/71"}],"collection":[{"href":"https:\/\/erkder.org\/index.php?rest_route=\/wp\/v2\/pages"}],"about":[{"href":"https:\/\/erkder.org\/index.php?rest_route=\/wp\/v2\/types\/page"}],"author":[{"embeddable":true,"href":"https:\/\/erkder.org\/index.php?rest_route=\/wp\/v2\/users\/1"}],"replies":[{"embeddable":true,"href":"https:\/\/erkder.org\/index.php?rest_route=%2Fwp%2Fv2%2Fcomments&post=71"}],"version-history":[{"count":4,"href":"https:\/\/erkder.org\/index.php?rest_route=\/wp\/v2\/pages\/71\/revisions"}],"predecessor-version":[{"id":599,"href":"https:\/\/erkder.org\/index.php?rest_route=\/wp\/v2\/pages\/71\/revisions\/599"}],"wp:attachment":[{"href":"https:\/\/erkder.org\/index.php?rest_route=%2Fwp%2Fv2%2Fmedia&parent=71"}],"curies":[{"name":"wp","href":"https:\/\/api.w.org\/{rel}","templated":true}]}}