{"id":630,"date":"2022-01-08T12:44:48","date_gmt":"2022-01-08T12:44:48","guid":{"rendered":"https:\/\/erkder.org\/?page_id=630"},"modified":"2022-01-08T12:48:11","modified_gmt":"2022-01-08T12:48:11","slug":"gayemiz","status":"publish","type":"page","link":"https:\/\/erkder.org\/?page_id=630","title":{"rendered":"Gayemiz"},"content":{"rendered":"<p>Erdemli K\u00fclt\u00fcr D\u00fc\u015f\u00fcnce ve Geli\u015fim Derne\u011fi ERKDER olarak;<br \/>\n\u2022\t\u0130stanbul\u2019da ya\u015fayan hem\u015fehrilerimizi bir \u00e7at\u0131 alt\u0131nda bulu\u015fturmak, hem\u015ferilerimiz aras\u0131ndaki ileti\u015fimi ve dayan\u0131\u015fmay\u0131 artt\u0131rmak, hem\u015ferilerimiz aras\u0131nda bir k\u00f6pr\u00fc vazifesi g\u00f6rerek bir araya getirip kayna\u015ft\u0131rmak, ayr\u0131ca \u0130stanbul\u2019a yolu d\u00fc\u015fen hem\u015fehrilerimizin \u00e7alacak kap\u0131s\u0131 ve yol g\u00f6stereni olmak \u00e7abas\u0131nday\u0131z.<\/p>\n<p>\u2022\tBunun yan\u0131nda \u0130stanbul\u2019da her hangi bir \u00fcniversite ya da lise dengi okul kazanm\u0131\u015f \u00f6\u011frencilerimize mihmandarl\u0131k yapmak, onlara sahip \u00e7\u0131karak rehberlik yapmak gayesindeyiz.<br \/>\n\u2022\tAyr\u0131ca Klasik dernek\u00e7ilik anlay\u0131\u015f\u0131ndan uzak, milli ve k\u00fclt\u00fcrel de\u011ferlerimize ba\u011fl\u0131 kalmak \u015fart\u0131yla, yerel y\u00f6netimlerle, y\u00f6remizde faaliyet g\u00f6steren kamu kurumlar\u0131, sivil toplum kurulu\u015flar\u0131 ve di\u011fer toplum yarar\u0131na hizmet eden STK\u2019lar ile el ele vererek, memleketimizin tarihsel, k\u00fclt\u00fcrel ve do\u011fal g\u00fczelliklerini tan\u0131t\u0131m\u0131 ama\u00e7l\u0131 yap\u0131lacak etkinlik ve faaliyetlerde bulunmak veya bu y\u00f6nde yap\u0131lacak \u00e7al\u0131\u015fmalara katk\u0131 sa\u011flamay\u0131 ama\u00e7lamaktay\u0131z.<\/p>\n","protected":false},"excerpt":{"rendered":"<p>Erdemli K\u00fclt\u00fcr D\u00fc\u015f\u00fcnce ve Geli\u015fim Derne\u011fi ERKDER olarak; \u2022 \u0130stanbul\u2019da ya\u015fayan hem\u015fehrilerimizi bir \u00e7at\u0131 alt\u0131nda bulu\u015fturmak, hem\u015ferilerimiz aras\u0131ndaki ileti\u015fimi ve<\/p>\n","protected":false},"author":1,"featured_media":0,"parent":0,"menu_order":0,"comment_status":"closed","ping_status":"closed","template":"","meta":[],"_links":{"self":[{"href":"https:\/\/erkder.org\/index.php?rest_route=\/wp\/v2\/pages\/630"}],"collection":[{"href":"https:\/\/erkder.org\/index.php?rest_route=\/wp\/v2\/pages"}],"about":[{"href":"https:\/\/erkder.org\/index.php?rest_route=\/wp\/v2\/types\/page"}],"author":[{"embeddable":true,"href":"https:\/\/erkder.org\/index.php?rest_route=\/wp\/v2\/users\/1"}],"replies":[{"embeddable":true,"href":"https:\/\/erkder.org\/index.php?rest_route=%2Fwp%2Fv2%2Fcomments&post=630"}],"version-history":[{"count":2,"href":"https:\/\/erkder.org\/index.php?rest_route=\/wp\/v2\/pages\/630\/revisions"}],"predecessor-version":[{"id":633,"href":"https:\/\/erkder.org\/index.php?rest_route=\/wp\/v2\/pages\/630\/revisions\/633"}],"wp:attachment":[{"href":"https:\/\/erkder.org\/index.php?rest_route=%2Fwp%2Fv2%2Fmedia&parent=630"}],"curies":[{"name":"wp","href":"https:\/\/api.w.org\/{rel}","templated":true}]}}