{"id":161,"date":"2021-12-14T15:39:29","date_gmt":"2021-12-14T15:39:29","guid":{"rendered":"http:\/\/erkder.org\/?page_id=161"},"modified":"2021-12-16T17:58:33","modified_gmt":"2021-12-16T17:58:33","slug":"istanbulda-erdemliyi-konustuk","status":"publish","type":"page","link":"https:\/\/erkder.org\/?page_id=161","title":{"rendered":"\u0130stanbulda Erdemliyi Konu\u015ftuk"},"content":{"rendered":"<p>\u0130STANBUL&#8217;DA ERDEML\u0130&#8217;Y\u0130 KONU\u015eUYORUZ!<br \/>\nM\u0130YSAD ve ERKDER&#8217;in ortakla\u015fa d\u00fczenleyece\u011fi panelde &#8220;Erdemli&#8217;de Kent K\u00fclt\u00fcr\u00fc ve Tarihsel Bilin\u00e7&#8221; konusu ele al\u0131nacakt\u0131r. Panel 13 Kas\u0131m 2016 pazar g\u00fcn\u00fc, Marmara \u00dcniversitesi \u0130lahiyat Fak\u00fcltesi K\u00fclt\u00fcr Merkezinde, Prof.Dr.\u0130rfan Erdo\u011fan, Yrd.Do\u00e7.Dr.Ali Mazak, Yrd.Do\u00e7.Dr Erc\u00fcment Balc\u0131 ve \u00d6\u011fr. G\u00f6r. Mehmet Kara\u2019n\u0131n konu\u015fmac\u0131 olarak kat\u0131l\u0131mlar\u0131 ile ger\u00e7ekle\u015ftirilecektir. Panel ile ilgili a\u00e7\u0131klamada bulunan M\u0130YSAD Ba\u015fkan\u0131 Mehmet Mazak; \u201cBu sezon il\u00e7e derneklerimiz ile i\u015fbirli\u011fi i\u00e7inde  \u00e7ok g\u00fczel k\u00fclt\u00fcrel etkinlikler yapaca\u011f\u0131z. Yap\u0131lacak etkinliklerle Mersin&#8217;imizin k\u00fclt\u00fcrel de\u011ferlerini t\u00fcm \u00fclkemize anlataca\u011f\u0131z. Bu etkinliklerimizin ilkini \u00e7ok de\u011ferli akademisyen hocalar\u0131m\u0131z\u0131n kat\u0131l\u0131m\u0131 ile ger\u00e7ekle\u015ftirece\u011fiz ve Erdemli&#8217;de Kent K\u00fclt\u00fcr\u00fcn\u00fc konu\u015faca\u011f\u0131z. Ayr\u0131ca Erdemli&#8217;nin tarihi de\u011ferleri \u00fczerine s\u00f6yle\u015filer yapaca\u011f\u0131z. T\u00fcm hem\u015fehrilerimizi bu panele davet ediyoruz.\u201d dedi. ERKDER Ba\u015fkan\u0131 Ali T\u00fczel&#8217;de yapt\u0131\u011f\u0131 a\u00e7\u0131klamada; \u201cERKDER&#8217;in kurulu\u015f gayelerinden birisi de k\u00fclt\u00fcrel de\u011ferlerimizin tan\u0131t\u0131m\u0131 ve korunmas\u0131 ama\u00e7l\u0131 etkinlikler yapmakt\u0131r. 13 Kas\u0131mda yapaca\u011f\u0131m\u0131z etkinlik, kent k\u00fclt\u00fcr\u00fcm\u00fcz\u00fcn ve tarihsel de\u011ferlerimizin tan\u0131t\u0131m\u0131 a\u00e7\u0131s\u0131ndan \u00f6nemli bir etkinliktir. M\u0130YSAD ile ortakla\u015fa yapaca\u011f\u0131m\u0131z bu panele t\u00fcm hem\u015fehrilerimizi, Erdemlimizi birlikte konu\u015fmaya davet ediyoruz.\u201d dedi<br \/>\nTarih:13 Kas\u0131m 2016 Pazar Saat:15:00<br \/>\nYer: Marmara \u00dcniversitesi \u0130lahiyat Fak\u00fcltesi K\u00fclt\u00fcr Merkezi(Marmara \u00dcniversitesi \u0130lahiyat Fak\u00fcltesi  Caminin Alt\u0131nda) \u00dcSK\u00dcDAR \/ \u0130STANBUL<br \/>\n<div id='gallery-1' class='gallery galleryid-161 gallery-columns-4 gallery-size-colormag-featured-image'><figure class='gallery-item'>\n\t\t\t<div class='gallery-icon landscape'>\n\t\t\t\t<a href='https:\/\/erkder.org\/wp-content\/uploads\/2021\/12\/IMG_2510-scaled.jpg'><img width=\"800\" height=\"445\" src=\"https:\/\/erkder.org\/wp-content\/uploads\/2021\/12\/IMG_2510-800x445.jpg\" class=\"attachment-colormag-featured-image size-colormag-featured-image\" alt=\"\" loading=\"lazy\" \/><\/a>\n\t\t\t<\/div><\/figure><figure class='gallery-item'>\n\t\t\t<div class='gallery-icon landscape'>\n\t\t\t\t<a href='https:\/\/erkder.org\/wp-content\/uploads\/2021\/12\/IMG_2549-scaled.jpg'><img width=\"800\" height=\"445\" src=\"https:\/\/erkder.org\/wp-content\/uploads\/2021\/12\/IMG_2549-800x445.jpg\" class=\"attachment-colormag-featured-image size-colormag-featured-image\" alt=\"\" loading=\"lazy\" \/><\/a>\n\t\t\t<\/div><\/figure><figure class='gallery-item'>\n\t\t\t<div class='gallery-icon landscape'>\n\t\t\t\t<a href='https:\/\/erkder.org\/wp-content\/uploads\/2021\/12\/IMG_2558-scaled.jpg'><img width=\"800\" height=\"445\" src=\"https:\/\/erkder.org\/wp-content\/uploads\/2021\/12\/IMG_2558-800x445.jpg\" class=\"attachment-colormag-featured-image size-colormag-featured-image\" alt=\"\" loading=\"lazy\" \/><\/a>\n\t\t\t<\/div><\/figure><figure class='gallery-item'>\n\t\t\t<div class='gallery-icon landscape'>\n\t\t\t\t<a href='https:\/\/erkder.org\/wp-content\/uploads\/2021\/12\/IMG_2600-scaled.jpg'><img width=\"800\" height=\"445\" src=\"https:\/\/erkder.org\/wp-content\/uploads\/2021\/12\/IMG_2600-800x445.jpg\" class=\"attachment-colormag-featured-image size-colormag-featured-image\" alt=\"\" loading=\"lazy\" \/><\/a>\n\t\t\t<\/div><\/figure><figure class='gallery-item'>\n\t\t\t<div class='gallery-icon landscape'>\n\t\t\t\t<a href='https:\/\/erkder.org\/wp-content\/uploads\/2021\/12\/IMG_2608-scaled.jpg'><img width=\"800\" height=\"445\" src=\"https:\/\/erkder.org\/wp-content\/uploads\/2021\/12\/IMG_2608-800x445.jpg\" class=\"attachment-colormag-featured-image size-colormag-featured-image\" alt=\"\" loading=\"lazy\" \/><\/a>\n\t\t\t<\/div><\/figure><figure class='gallery-item'>\n\t\t\t<div class='gallery-icon landscape'>\n\t\t\t\t<a href='https:\/\/erkder.org\/wp-content\/uploads\/2021\/12\/IMG_2652-scaled.jpg'><img width=\"800\" height=\"445\" src=\"https:\/\/erkder.org\/wp-content\/uploads\/2021\/12\/IMG_2652-800x445.jpg\" class=\"attachment-colormag-featured-image size-colormag-featured-image\" alt=\"\" loading=\"lazy\" \/><\/a>\n\t\t\t<\/div><\/figure><figure class='gallery-item'>\n\t\t\t<div class='gallery-icon landscape'>\n\t\t\t\t<a href='https:\/\/erkder.org\/wp-content\/uploads\/2021\/12\/IMG_2708-1.jpg'><img width=\"800\" height=\"445\" src=\"https:\/\/erkder.org\/wp-content\/uploads\/2021\/12\/IMG_2708-1-800x445.jpg\" class=\"attachment-colormag-featured-image size-colormag-featured-image\" alt=\"\" loading=\"lazy\" \/><\/a>\n\t\t\t<\/div><\/figure><figure class='gallery-item'>\n\t\t\t<div class='gallery-icon landscape'>\n\t\t\t\t<a href='https:\/\/erkder.org\/wp-content\/uploads\/2021\/12\/IMG_2715-scaled.jpg'><img width=\"800\" height=\"445\" src=\"https:\/\/erkder.org\/wp-content\/uploads\/2021\/12\/IMG_2715-800x445.jpg\" class=\"attachment-colormag-featured-image size-colormag-featured-image\" alt=\"\" loading=\"lazy\" \/><\/a>\n\t\t\t<\/div><\/figure><figure class='gallery-item'>\n\t\t\t<div class='gallery-icon landscape'>\n\t\t\t\t<a href='https:\/\/erkder.org\/wp-content\/uploads\/2021\/12\/IMG_2723-scaled.jpg'><img width=\"800\" height=\"445\" src=\"https:\/\/erkder.org\/wp-content\/uploads\/2021\/12\/IMG_2723-800x445.jpg\" class=\"attachment-colormag-featured-image size-colormag-featured-image\" alt=\"\" loading=\"lazy\" \/><\/a>\n\t\t\t<\/div><\/figure><figure class='gallery-item'>\n\t\t\t<div class='gallery-icon landscape'>\n\t\t\t\t<a href='https:\/\/erkder.org\/wp-content\/uploads\/2021\/12\/IMG_2732-scaled.jpg'><img width=\"800\" height=\"445\" src=\"https:\/\/erkder.org\/wp-content\/uploads\/2021\/12\/IMG_2732-800x445.jpg\" class=\"attachment-colormag-featured-image size-colormag-featured-image\" alt=\"\" loading=\"lazy\" \/><\/a>\n\t\t\t<\/div><\/figure><figure class='gallery-item'>\n\t\t\t<div class='gallery-icon landscape'>\n\t\t\t\t<a href='https:\/\/erkder.org\/wp-content\/uploads\/2021\/12\/IMG_2734-scaled.jpg'><img width=\"800\" height=\"445\" src=\"https:\/\/erkder.org\/wp-content\/uploads\/2021\/12\/IMG_2734-800x445.jpg\" class=\"attachment-colormag-featured-image size-colormag-featured-image\" alt=\"\" loading=\"lazy\" \/><\/a>\n\t\t\t<\/div><\/figure><figure class='gallery-item'>\n\t\t\t<div class='gallery-icon landscape'>\n\t\t\t\t<a href='https:\/\/erkder.org\/wp-content\/uploads\/2021\/12\/IMG_2735-scaled.jpg'><img width=\"800\" height=\"445\" src=\"https:\/\/erkder.org\/wp-content\/uploads\/2021\/12\/IMG_2735-800x445.jpg\" class=\"attachment-colormag-featured-image size-colormag-featured-image\" alt=\"\" loading=\"lazy\" \/><\/a>\n\t\t\t<\/div><\/figure><figure class='gallery-item'>\n\t\t\t<div class='gallery-icon landscape'>\n\t\t\t\t<a href='https:\/\/erkder.org\/wp-content\/uploads\/2021\/12\/IMG_2738-scaled.jpg'><img width=\"800\" height=\"445\" src=\"https:\/\/erkder.org\/wp-content\/uploads\/2021\/12\/IMG_2738-800x445.jpg\" class=\"attachment-colormag-featured-image size-colormag-featured-image\" alt=\"\" loading=\"lazy\" \/><\/a>\n\t\t\t<\/div><\/figure><figure class='gallery-item'>\n\t\t\t<div class='gallery-icon landscape'>\n\t\t\t\t<a href='https:\/\/erkder.org\/wp-content\/uploads\/2021\/12\/IMG_2747-scaled.jpg'><img width=\"800\" height=\"445\" src=\"https:\/\/erkder.org\/wp-content\/uploads\/2021\/12\/IMG_2747-800x445.jpg\" class=\"attachment-colormag-featured-image size-colormag-featured-image\" alt=\"\" loading=\"lazy\" \/><\/a>\n\t\t\t<\/div><\/figure>\n\t\t<\/div>\n<\/p>\n","protected":false},"excerpt":{"rendered":"<p>\u0130STANBUL&#8217;DA ERDEML\u0130&#8217;Y\u0130 KONU\u015eUYORUZ! M\u0130YSAD ve ERKDER&#8217;in ortakla\u015fa d\u00fczenleyece\u011fi panelde &#8220;Erdemli&#8217;de Kent K\u00fclt\u00fcr\u00fc ve Tarihsel Bilin\u00e7&#8221; konusu ele al\u0131nacakt\u0131r. Panel 13<\/p>\n","protected":false},"author":1,"featured_media":0,"parent":0,"menu_order":0,"comment_status":"closed","ping_status":"closed","template":"","meta":[],"_links":{"self":[{"href":"https:\/\/erkder.org\/index.php?rest_route=\/wp\/v2\/pages\/161"}],"collection":[{"href":"https:\/\/erkder.org\/index.php?rest_route=\/wp\/v2\/pages"}],"about":[{"href":"https:\/\/erkder.org\/index.php?rest_route=\/wp\/v2\/types\/page"}],"author":[{"embeddable":true,"href":"https:\/\/erkder.org\/index.php?rest_route=\/wp\/v2\/users\/1"}],"replies":[{"embeddable":true,"href":"https:\/\/erkder.org\/index.php?rest_route=%2Fwp%2Fv2%2Fcomments&post=161"}],"version-history":[{"count":3,"href":"https:\/\/erkder.org\/index.php?rest_route=\/wp\/v2\/pages\/161\/revisions"}],"predecessor-version":[{"id":470,"href":"https:\/\/erkder.org\/index.php?rest_route=\/wp\/v2\/pages\/161\/revisions\/470"}],"wp:attachment":[{"href":"https:\/\/erkder.org\/index.php?rest_route=%2Fwp%2Fv2%2Fmedia&parent=161"}],"curies":[{"name":"wp","href":"https:\/\/api.w.org\/{rel}","templated":true}]}}